{"version":"1.0","provider_name":"\u0645\u0648\u0627\u0637\u0646\u0648\u0646 \u0648\u0645\u0648\u0627\u0637\u0646\u0627\u062a \u0641\u064a \u062f\u0648\u0644\u0629","provider_url":"https:\/\/mmfidawla.com\/fr\/","author_name":"m","author_url":"https:\/\/mmfidawla.com\/fr\/author\/mcdoumani\/","title":"Liban:\u00a0\u00abUne n\u00e9gociation am\u00e9ricano-iranienne se d\u00e9roule en coulisse\u00bb - \u0645\u0648\u0627\u0637\u0646\u0648\u0646 \u0648\u0645\u0648\u0627\u0637\u0646\u0627\u062a \u0641\u064a \u062f\u0648\u0644\u0629","type":"rich","width":600,"height":338,"html":"<blockquote class=\"wp-embedded-content\" data-secret=\"onwcd0GIj1\"><a href=\"https:\/\/mmfidawla.com\/fr\/2020\/08\/12\/cn-humanite-2\/\">Liban:\u00a0\u00abUne n\u00e9gociation am\u00e9ricano-iranienne se d\u00e9roule en coulisse\u00bb<\/a><\/blockquote><iframe sandbox=\"allow-scripts\" security=\"restricted\" src=\"https:\/\/mmfidawla.com\/fr\/2020\/08\/12\/cn-humanite-2\/embed\/#?secret=onwcd0GIj1\" width=\"600\" height=\"338\" title=\"\u00ab\u00a0Liban:\u00a0\u00abUne n\u00e9gociation am\u00e9ricano-iranienne se d\u00e9roule en coulisse\u00bb\u00a0\u00bb &#8212; \u0645\u0648\u0627\u0637\u0646\u0648\u0646 \u0648\u0645\u0648\u0627\u0637\u0646\u0627\u062a \u0641\u064a \u062f\u0648\u0644\u0629\" data-secret=\"onwcd0GIj1\" frameborder=\"0\" marginwidth=\"0\" marginheight=\"0\" scrolling=\"no\" class=\"wp-embedded-content\"><\/iframe><script type=\"text\/javascript\">\n\/* <![CDATA[ *\/\n\/*! This file is auto-generated *\/\n!function(d,l){\"use strict\";l.querySelector&&d.addEventListener&&\"undefined\"!=typeof URL&&(d.wp=d.wp||{},d.wp.receiveEmbedMessage||(d.wp.receiveEmbedMessage=function(e){var t=e.data;if((t||t.secret||t.message||t.value)&&!\/[^a-zA-Z0-9]\/.test(t.secret)){for(var s,r,n,a=l.querySelectorAll('iframe[data-secret=\"'+t.secret+'\"]'),o=l.querySelectorAll('blockquote[data-secret=\"'+t.secret+'\"]'),c=new RegExp(\"^https?:$\",\"i\"),i=0;i<o.length;i++)o[i].style.display=\"none\";for(i=0;i<a.length;i++)s=a[i],e.source===s.contentWindow&&(s.removeAttribute(\"style\"),\"height\"===t.message?(1e3<(r=parseInt(t.value,10))?r=1e3:~~r<200&&(r=200),s.height=r):\"link\"===t.message&&(r=new URL(s.getAttribute(\"src\")),n=new URL(t.value),c.test(n.protocol))&&n.host===r.host&&l.activeElement===s&&(d.top.location.href=t.value))}},d.addEventListener(\"message\",d.wp.receiveEmbedMessage,!1),l.addEventListener(\"DOMContentLoaded\",function(){for(var e,t,s=l.querySelectorAll(\"iframe.wp-embedded-content\"),r=0;r<s.length;r++)(t=(e=s[r]).getAttribute(\"data-secret\"))||(t=Math.random().toString(36).substring(2,12),e.src+=\"#?secret=\"+t,e.setAttribute(\"data-secret\",t)),e.contentWindow.postMessage({message:\"ready\",secret:t},\"*\")},!1)))}(window,document);\n\/* ]]> *\/\n<\/script>\n","thumbnail_url":"https:\/\/mmfidawla.com\/wp-content\/uploads\/2020\/08\/117824902_619058968985911_6331494409904132976_n.jpg","thumbnail_width":1024,"thumbnail_height":1024,"description":"Nous essayons de faire \u00e9merger une alternative radicale et structur\u00e9e. Nous discutons avec des g\u00e9n\u00e9raux \u00e0 la retraite pour avoir une voix qui freine un engagement possible de l\u2019arm\u00e9e dans un arrangement s\u00e9curitaire. Car elle est compos\u00e9e de recrues des diff\u00e9rents chefs communautaires et pourrait, en cas d\u2019instrumentalisation, se trouver en position d\u2019\u00e9clatement.\u00a0"}