{"version":"1.0","provider_name":"\u0645\u0648\u0627\u0637\u0646\u0648\u0646 \u0648\u0645\u0648\u0627\u0637\u0646\u0627\u062a \u0641\u064a \u062f\u0648\u0644\u0629","provider_url":"https:\/\/mmfidawla.com\/fr\/","author_name":"m","author_url":"https:\/\/mmfidawla.com\/fr\/author\/mcdoumani\/","title":"Quelle la\u00efcit\u00e9 pour le Liban? Interview avec Charbel Nahas - \u0645\u0648\u0627\u0637\u0646\u0648\u0646 \u0648\u0645\u0648\u0627\u0637\u0646\u0627\u062a \u0641\u064a \u062f\u0648\u0644\u0629","type":"rich","width":600,"height":338,"html":"<blockquote class=\"wp-embedded-content\" data-secret=\"cKPWm8p9ar\"><a href=\"https:\/\/mmfidawla.com\/fr\/2021\/01\/21\/cn-rts-2\/\">Quelle la\u00efcit\u00e9 pour le Liban? Interview avec Charbel Nahas<\/a><\/blockquote><iframe sandbox=\"allow-scripts\" security=\"restricted\" src=\"https:\/\/mmfidawla.com\/fr\/2021\/01\/21\/cn-rts-2\/embed\/#?secret=cKPWm8p9ar\" width=\"600\" height=\"338\" title=\"\u00ab\u00a0Quelle la\u00efcit\u00e9 pour le Liban? Interview avec Charbel Nahas\u00a0\u00bb &#8212; \u0645\u0648\u0627\u0637\u0646\u0648\u0646 \u0648\u0645\u0648\u0627\u0637\u0646\u0627\u062a \u0641\u064a \u062f\u0648\u0644\u0629\" data-secret=\"cKPWm8p9ar\" frameborder=\"0\" marginwidth=\"0\" marginheight=\"0\" scrolling=\"no\" class=\"wp-embedded-content\"><\/iframe><script type=\"text\/javascript\">\n\/* <![CDATA[ *\/\n\/*! This file is auto-generated *\/\n!function(d,l){\"use strict\";l.querySelector&&d.addEventListener&&\"undefined\"!=typeof URL&&(d.wp=d.wp||{},d.wp.receiveEmbedMessage||(d.wp.receiveEmbedMessage=function(e){var t=e.data;if((t||t.secret||t.message||t.value)&&!\/[^a-zA-Z0-9]\/.test(t.secret)){for(var s,r,n,a=l.querySelectorAll('iframe[data-secret=\"'+t.secret+'\"]'),o=l.querySelectorAll('blockquote[data-secret=\"'+t.secret+'\"]'),c=new RegExp(\"^https?:$\",\"i\"),i=0;i<o.length;i++)o[i].style.display=\"none\";for(i=0;i<a.length;i++)s=a[i],e.source===s.contentWindow&&(s.removeAttribute(\"style\"),\"height\"===t.message?(1e3<(r=parseInt(t.value,10))?r=1e3:~~r<200&&(r=200),s.height=r):\"link\"===t.message&&(r=new URL(s.getAttribute(\"src\")),n=new URL(t.value),c.test(n.protocol))&&n.host===r.host&&l.activeElement===s&&(d.top.location.href=t.value))}},d.addEventListener(\"message\",d.wp.receiveEmbedMessage,!1),l.addEventListener(\"DOMContentLoaded\",function(){for(var e,t,s=l.querySelectorAll(\"iframe.wp-embedded-content\"),r=0;r<s.length;r++)(t=(e=s[r]).getAttribute(\"data-secret\"))||(t=Math.random().toString(36).substring(2,12),e.src+=\"#?secret=\"+t,e.setAttribute(\"data-secret\",t)),e.contentWindow.postMessage({message:\"ready\",secret:t},\"*\")},!1)))}(window,document);\n\/* ]]> *\/\n<\/script>\n","thumbnail_url":"https:\/\/mmfidawla.com\/wp-content\/uploads\/2021\/01\/cn-rts.png","thumbnail_width":1080,"thumbnail_height":1080,"description":"Aujourd\u2019hui cette crise est un d\u00e9fi et une opportunit\u00e9 pour mettre fin au r\u00e9gime de l\u2019association de chefs de milice communautaire et instaurer un \u00e9tat qui prenne en compte la r\u00e9alit\u00e9 de la soci\u00e9t\u00e9"}